{"id":13991,"date":"2021-04-22T17:16:45","date_gmt":"2021-04-22T17:16:45","guid":{"rendered":"https:\/\/site.aeje.com.br\/?page_id=13991"},"modified":"2021-04-22T17:17:13","modified_gmt":"2021-04-22T17:17:13","slug":"links","status":"publish","type":"page","link":"https:\/\/www.aeje.com.br\/index.php\/links\/","title":{"rendered":"Links \u00dateis"},"content":{"rendered":"<p>[vc_row][vc_column][vc_column_text]<\/p>\n<p style=\"text-align: left;\"><b>Ordem dos Advogados do Brasil<\/b><br \/>\n<a href=\"http:\/\/www.oabrs.org.br\/\" target=\"_blank\" rel=\"noopener\">OAB-RS<\/a><br \/>\n<a href=\"http:\/\/www.oab.org.br\/\" target=\"_blank\" rel=\"noopener\">OAB \u2013 Conselho Federal<\/a><\/p>\n<p style=\"text-align: left;\"><b>Associa\u00e7\u00f5es de magistrados<\/b><br \/>\n<a href=\"http:\/\/www.ajuris.org.br\/\" target=\"_blank\" rel=\"noopener\">Associa\u00e7\u00e3o dos Ju\u00edzes do Estado do Rio Grande do Sul \u2013 AJURIS<\/a><br \/>\n<a href=\"http:\/\/www.amb.com.br\/\" target=\"_blank\" rel=\"noopener\">Associa\u00e7\u00e3o dos Magistrados Brasileiros \u2013 AMB<\/a><br \/>\n<a href=\"http:\/\/www.abmp.org.br\/\" target=\"_blank\" rel=\"noopener\">Associa\u00e7\u00e3o Brasileira de Magistrados, Promotores de Justi\u00e7a e Defensores P\u00fablicos da Inf\u00e2ncia e da Juventude \u2013 ABMP<\/a><br \/>\n<a href=\"http:\/\/www.amatra4.org.br\/Inicio\" target=\"_blank\" rel=\"noopener\">Associa\u00e7\u00e3o dos Magistrados da Justi\u00e7a do Trabalho da IV Regi\u00e3o (AMATRA IV)<\/a><br \/>\n<a href=\"http:\/\/www.ajufergs.org.br\/\" target=\"_blank\" rel=\"noopener\">Associa\u00e7\u00e3o dos Ju\u00edzes Federais do Rio Grande do Sul \u2013 AJUFERGS<\/a><\/p>\n<p style=\"text-align: left;\"><b>Poder Judici\u00e1rio<\/b><br \/>\n<a href=\"http:\/\/www.tjrs.jus.br\/\" target=\"_blank\" rel=\"noopener\">Tribunal de Justi\u00e7a<\/a><br \/>\n<a href=\"http:\/\/www.tjm.rs.gov.br\/\" target=\"_blank\" rel=\"noopener\">Tribunal de Justi\u00e7a Militar<\/a><br \/>\n<a href=\"http:\/\/www.jfrs.jus.br\/\" target=\"_blank\" rel=\"noopener\">Justi\u00e7a Federal \u2013 Se\u00e7\u00e3o Judici\u00e1ria do Rio Grande do Sul<\/a><br \/>\n<a href=\"http:\/\/www.trf4.jus.br\/trf4\/index_trf4r.php\" target=\"_blank\" rel=\"noopener\">Justi\u00e7a Federal \u2013 Tribunal Regional Federal da 4\u00aa Regi\u00e3o<\/a><br \/>\n<a href=\"http:\/\/www.tre-rs.gov.br\/\" target=\"_blank\" rel=\"noopener\">Tribunal Regional Eleitoral \u2013 Rio Grande do Sul<\/a><br \/>\n<a href=\"http:\/\/www.estado.rs.gov.br\/\" target=\"_blank\" rel=\"noopener\">Governo do Estado RS<\/a><br \/>\n<a href=\"http:\/\/www.trt4.jus.br\/portal\/portal\/trt4\/home\" target=\"_blank\" rel=\"noopener\">Tribunal Regional do Trabalho da 4\u00aa Regi\u00e3o<\/a><br \/>\n<a href=\"http:\/\/www.stj.gov.br\/\" target=\"_blank\" rel=\"noopener\">Superior Tribunal de Justi\u00e7a<\/a><br \/>\n<a href=\"http:\/\/www.stf.jus.br\/\" target=\"_blank\" rel=\"noopener\">Supremo Tribunal Federal<\/a><br \/>\n<a href=\"http:\/\/www.tst.gov.br\/\" target=\"_blank\" rel=\"noopener\">Tribunal Superior do Trabalho<\/a><br \/>\n<a href=\"http:\/\/www.tse.gov.br\/internet\/index.html\" target=\"_blank\" rel=\"noopener\">Tribunal Superior Eleitoral<\/a><br \/>\n<a href=\"http:\/\/www.stm.jus.br\/\" target=\"_blank\" rel=\"noopener\">Superior Tribunal Militar<\/a><br \/>\n<a href=\"http:\/\/www.cnj.gov.br\/\" target=\"_blank\" rel=\"noopener\">Conselho Nacional de Justi\u00e7a<\/a><\/p>\n<p style=\"text-align: left;\"><b>Governo Federal<\/b><br \/>\n<a href=\"http:\/\/www.presidencia.gov.br\/\" target=\"_blank\" rel=\"noopener\">Presid\u00eancia da Rep\u00fablica<\/a><br \/>\n<a href=\"http:\/\/www.senado.gov.br\/sf\" target=\"_blank\" rel=\"noopener\">Senado Federal<\/a><br \/>\n<a href=\"http:\/\/www2.camara.gov.br\/\" target=\"_blank\" rel=\"noopener\">C\u00e2mara dos Deputados<\/a><br \/>\n<a href=\"http:\/\/portal2.tcu.gov.br\/portal\/page\/portal\/TCU\" target=\"_blank\" rel=\"noopener\">Tribunal de Contas da Uni\u00e3o<\/a><br \/>\n<a href=\"http:\/\/www.dpu.gov.br\/\" target=\"_blank\" rel=\"noopener\">Defensoria P\u00fablica da Uni\u00e3o<\/a><br \/>\n<a href=\"http:\/\/www.agu.gov.br\/\" target=\"_blank\" rel=\"noopener\">Advocacia-Geral da Uni\u00e3o<\/a><\/p>\n<p style=\"text-align: left;\"><b>Governo Estadual\/Municipal<\/b><br \/>\n<a href=\"http:\/\/www.rs.gov.br\/\" target=\"_blank\" rel=\"noopener\">Governo do Estado<\/a><br \/>\n<a href=\"http:\/\/www.pge.rs.gov.br\/\" target=\"_blank\" rel=\"noopener\">Procuradoria-Geral do Estado<\/a><br \/>\n<a href=\"http:\/\/www.al.rs.gov.br\/\" target=\"_blank\" rel=\"noopener\">Assembl\u00e9ia Legislativa<\/a><br \/>\n<a href=\"http:\/\/www.dpe.rs.gov.br\/site\/index1.php\" target=\"_blank\" rel=\"noopener\">Defensoria P\u00fablica<\/a><br \/>\n<a href=\"http:\/\/www.tce.rs.gov.br\/\" target=\"_blank\" rel=\"noopener\">Tribunal de Contas do Estado<\/a><br \/>\n<a href=\"http:\/\/www.portoalegre.rs.gov.br\/\" target=\"_blank\" rel=\"noopener\">Prefeitura de Porto Alegre<\/a><br \/>\n<a href=\"http:\/\/www.camarapoa.rs.gov.br\/\" target=\"_blank\" rel=\"noopener\">C\u00e2mara Municipal de Porto Alegre<\/a><\/p>\n<p>[\/vc_column_text][\/vc_column][\/vc_row]<\/p>\n","protected":false},"excerpt":{"rendered":"<p>Leverage agile frameworks to provide a robust synopsis for high level overviews. Iterative approaches to corporate strategy foster collaborative thinking to further the overall value proposition. Organically grow the holistic world view of disruptive innovation via workplace diversity and empowerment.<\/p>\n","protected":false},"author":2,"featured_media":0,"parent":0,"menu_order":0,"comment_status":"closed","ping_status":"closed","template":"page-vc.php","meta":{"footnotes":""},"class_list":["post-13991","page","type-page","status-publish","hentry"],"_links":{"self":[{"href":"https:\/\/www.aeje.com.br\/index.php\/wp-json\/wp\/v2\/pages\/13991","targetHints":{"allow":["GET"]}}],"collection":[{"href":"https:\/\/www.aeje.com.br\/index.php\/wp-json\/wp\/v2\/pages"}],"about":[{"href":"https:\/\/www.aeje.com.br\/index.php\/wp-json\/wp\/v2\/types\/page"}],"author":[{"embeddable":true,"href":"https:\/\/www.aeje.com.br\/index.php\/wp-json\/wp\/v2\/users\/2"}],"replies":[{"embeddable":true,"href":"https:\/\/www.aeje.com.br\/index.php\/wp-json\/wp\/v2\/comments?post=13991"}],"version-history":[{"count":2,"href":"https:\/\/www.aeje.com.br\/index.php\/wp-json\/wp\/v2\/pages\/13991\/revisions"}],"predecessor-version":[{"id":13993,"href":"https:\/\/www.aeje.com.br\/index.php\/wp-json\/wp\/v2\/pages\/13991\/revisions\/13993"}],"wp:attachment":[{"href":"https:\/\/www.aeje.com.br\/index.php\/wp-json\/wp\/v2\/media?parent=13991"}],"curies":[{"name":"wp","href":"https:\/\/api.w.org\/{rel}","templated":true}]}}